{"id":10556,"date":"2018-12-10T13:37:37","date_gmt":"2018-12-10T13:37:37","guid":{"rendered":"http:\/\/lasalle.vl20054.dinaserver.com\/ven-teodoreto-garberoglio\/"},"modified":"2025-07-24T13:59:49","modified_gmt":"2025-07-24T11:59:49","slug":"ven-fr-teodoreto-garberoglio","status":"publish","type":"page","link":"https:\/\/www.lasalle.org\/fr\/saintete-lasallienne\/ven-fr-teodoreto-garberoglio\/","title":{"rendered":"Ven. Teodoreto Garberoglio"},"content":{"rendered":"<div class=\"fusion-fullwidth fullwidth-box fusion-builder-row-1 fusion-flex-container has-pattern-background has-mask-background nonhundred-percent-fullwidth non-hundred-percent-height-scrolling\" style=\"--awb-border-radius-top-left:0px;--awb-border-radius-top-right:0px;--awb-border-radius-bottom-right:0px;--awb-border-radius-bottom-left:0px;--awb-flex-wrap:wrap;\" ><div class=\"fusion-builder-row fusion-row fusion-flex-align-items-flex-start fusion-flex-content-wrap\" style=\"max-width:1248px;margin-left: calc(-4% \/ 2 );margin-right: calc(-4% \/ 2 );\"><div class=\"fusion-layout-column fusion_builder_column fusion-builder-column-0 fusion_builder_column_3_4 3_4 fusion-flex-column\" style=\"--awb-bg-size:cover;--awb-width-large:75%;--awb-margin-top-large:0px;--awb-spacing-right-large:2.56%;--awb-margin-bottom-large:20px;--awb-spacing-left-large:2.56%;--awb-width-medium:75%;--awb-order-medium:0;--awb-spacing-right-medium:2.56%;--awb-spacing-left-medium:2.56%;--awb-width-small:100%;--awb-order-small:0;--awb-spacing-right-small:1.92%;--awb-spacing-left-small:1.92%;\"><div class=\"fusion-column-wrapper fusion-column-has-shadow fusion-flex-justify-content-flex-start fusion-content-layout-column\"><div class=\"fusion-title title fusion-title-1 sep-underline sep-solid fusion-title-text fusion-title-size-two\" style=\"--awb-text-color:var(--awb-custom17);--awb-sep-color:var(--awb-custom17);--awb-font-size:22px;\"><h2 class=\"fusion-title-heading title-heading-left\" style=\"margin:0;font-size:1em;\">V\u00e9n\u00e9rable Fr. Teodoreto Garberoglio<\/h2><\/div><div class=\"fusion-text fusion-text-1\"><div class=\"wp-block-image\">\n<figure class=\"alignright is-resized\"><img decoding=\"async\" class=\"wp-image-2658\" src=\"http:\/\/www.lasalle.org\/wp-content\/uploads\/2018\/11\/teodoretto.png\" alt=\"\" width=\"197\" height=\"237\" srcset=\"https:\/\/www.lasalle.org\/wp-content\/uploads\/2018\/11\/teodoretto-249x300.png 249w, https:\/\/www.lasalle.org\/wp-content\/uploads\/2018\/11\/teodoretto.png 262w\" sizes=\"(max-width: 197px) 100vw, 197px\" \/><\/figure>\n<\/div>\n<p><!-- \/wp:post-content --><\/p>\n<p><!-- wp:paragraph --><\/p>\n<p>Fr. Teodoreto (Giovanni Garberoglio) est n\u00e9 \u00e0 Vinchio d&rsquo;Asti (Italie), le 9 f\u00e9vrier 1871.<\/p>\n<p><!-- \/wp:paragraph --><\/p>\n<p><!-- wp:paragraph --><\/p>\n<p>Il passa quarante ans \u00e0 l&rsquo;\u00e9cole Sainte-P\u00e9lagie de Turin, comme professeur, inspecteur et directeur. Dieu voulut se servir de cette \u00e2me sainte pour greffer sur l&rsquo;arbre lasallien un rameau plein de promesses. Il est le fondateur des \u00ab<a href=\"http:\/\/www.unionecatechisti.it\" target=\"_blank\" rel=\"noreferrer noopener\" aria-label=\"Cat\u00e9chistes de J\u00e9sus Crucifi\u00e9 et de Marie Immacul\u00e9e (abre en una nueva pesta\u00f1a)\">Cat\u00e9chistes de J\u00e9sus Crucifi\u00e9 et de Marie Immacul\u00e9e<\/a>\u00bb, une congr\u00e9gation pour les la\u00efcs reconnue comme Institut S\u00e9culier.<\/p>\n<p><!-- \/wp:paragraph --><\/p>\n<p><!-- wp:paragraph --><\/p>\n<p>Les membres de la pieuse union se proposent de pratiquer non seulement une vie chr\u00e9tienne authentique, mais aussi les conseils \u00e9vang\u00e9liques tout en continuant \u00e0 vivre en famille et \u00e0 exercer leur propre profession.<\/p>\n<p><!-- \/wp:paragraph --><\/p>\n<p><!-- wp:paragraph --><\/p>\n<p>Le Serviteur de Dieu est mort \u00e0 Turin le 13 mai 1954. Le proc\u00e8s dioc\u00e9sain en vue de sa b\u00e9atification a \u00e9t\u00e9 transmis \u00e0 Rome le 2 f\u00e9vrier 1977.<\/p>\n<\/div><div class=\"fusion-separator fusion-full-width-sep\" style=\"align-self: center;margin-left: auto;margin-right: auto;margin-top:15px;margin-bottom:15px;width:100%;\"><div class=\"fusion-separator-border sep-single sep-solid\" style=\"--awb-height:20px;--awb-amount:20px;--awb-sep-color:var(--awb-custom17);border-color:var(--awb-custom17);border-top-width:1px;\"><\/div><\/div><nav class=\"fusion-breadcrumbs fusion-breadcrumbs-1\" style=\"--awb-breadcrumb-sep:&#039;\/&#039;;\" aria-label=\"Breadcrumb\"><ol class=\"awb-breadcrumb-list\"><\/ol><\/nav><\/div><\/div><div class=\"fusion-layout-column fusion_builder_column fusion-builder-column-1 fusion_builder_column_1_4 1_4 fusion-flex-column\" style=\"--awb-bg-size:cover;--awb-width-large:25%;--awb-margin-top-large:0px;--awb-spacing-right-large:7.68%;--awb-margin-bottom-large:20px;--awb-spacing-left-large:7.68%;--awb-width-medium:25%;--awb-order-medium:0;--awb-spacing-right-medium:7.68%;--awb-spacing-left-medium:7.68%;--awb-width-small:100%;--awb-order-small:0;--awb-spacing-right-small:1.92%;--awb-spacing-left-small:1.92%;\"><div class=\"fusion-column-wrapper fusion-column-has-shadow fusion-flex-justify-content-flex-start fusion-content-layout-column\"><div class=\"fusion-title title fusion-title-2 sep-underline sep-solid fusion-title-text fusion-title-size-two\" style=\"--awb-text-color:var(--awb-custom17);--awb-sep-color:var(--awb-custom17);--awb-font-size:22px;\"><h2 class=\"fusion-title-heading title-heading-left\" style=\"margin:0;font-size:1em;\">Dates importantes<\/h2><\/div><ul style=\"--awb-line-height:27.2px;--awb-icon-width:27.2px;--awb-icon-height:27.2px;--awb-icon-margin:11.2px;--awb-content-margin:38.4px;--awb-circlecolor:var(--awb-custom17);--awb-circle-yes-font-size:14.08px;\" class=\"fusion-checklist fusion-checklist-1 fusion-checklist-default type-icons\"><li class=\"fusion-li-item\" style=\"\"><span class=\"icon-wrapper circle-yes\"><i class=\"fusion-li-icon fa-star-half far\" aria-hidden=\"true\"><\/i><\/span><div class=\"fusion-li-item-content\">\r\n<p>N\u00e9 \u00e0 Vinchio d\u2019Asti (Italie), le 9 f\u00e9vrier 1871<\/p>\r\n<\/div><\/li><li class=\"fusion-li-item\" style=\"\"><span class=\"icon-wrapper circle-yes\"><i class=\"fusion-li-icon fa-star-half far\" aria-hidden=\"true\"><\/i><\/span><div class=\"fusion-li-item-content\">\r\n<p>Mort \u00e0 Turin le 13 mai 1954<\/p>\r\n<\/div><\/li><\/ul><div class=\"fusion-separator fusion-full-width-sep\" style=\"align-self: center;margin-left: auto;margin-right: auto;margin-top:15px;margin-bottom:15px;width:100%;\"><\/div><div class=\"fusion-title title fusion-title-3 sep-underline sep-solid fusion-title-text fusion-title-size-two\" style=\"--awb-text-color:var(--awb-custom17);--awb-sep-color:var(--awb-custom17);--awb-font-size:22px;\"><h2 class=\"fusion-title-heading title-heading-left\" style=\"margin:0;font-size:1em;\">Ressources<\/h2><\/div><ul style=\"--awb-line-height:27.2px;--awb-icon-width:27.2px;--awb-icon-height:27.2px;--awb-icon-margin:11.2px;--awb-content-margin:38.4px;--awb-circlecolor:var(--awb-custom17);--awb-circle-yes-font-size:14.08px;\" class=\"fusion-checklist fusion-checklist-2 fusion-checklist-default type-icons\"><li class=\"fusion-li-item\" style=\"\"><span class=\"icon-wrapper circle-yes\"><i class=\"fusion-li-icon fa-file-image far\" aria-hidden=\"true\"><\/i><\/span><div class=\"fusion-li-item-content\">\r\n<p><a href=\"https:\/\/goo.gl\/photos\/pp2C69yuNgMe77jc9\" target=\"_blank\" rel=\"noreferrer noopener\">Images<\/a><\/p>\r\n<\/div><\/li><li class=\"fusion-li-item\" style=\"\"><span class=\"icon-wrapper circle-yes\"><i class=\"fusion-li-icon fa-link fas\" aria-hidden=\"true\"><\/i><\/span><div class=\"fusion-li-item-content\">\r\n<p><a href=\"http:\/\/www.unionecatechisti.it\/UnioneC\/Italiano\/Bollettino\/Boll1950\/1990_2_4\/art06.htm\" target=\"_blank\" rel=\"noopener\">Biographie essentielle de Fr\u00e8re Th\u00e9odoret<\/a> (Italien)<\/p>\r\n<\/div><\/li><\/ul><div class=\"fusion-separator fusion-full-width-sep\" style=\"align-self: center;margin-left: auto;margin-right: auto;margin-top:15px;margin-bottom:15px;width:100%;\"><div class=\"fusion-separator-border sep-single sep-solid\" style=\"--awb-height:20px;--awb-amount:20px;--awb-sep-color:var(--awb-custom17);border-color:var(--awb-custom17);border-top-width:1px;\"><\/div><\/div><\/div><\/div><\/div><\/div>","protected":false},"excerpt":{"rendered":"","protected":false},"author":13,"featured_media":112386,"parent":10536,"menu_order":0,"comment_status":"open","ping_status":"closed","template":"","meta":{"_tec_requires_first_save":true,"_monsterinsights_skip_tracking":false,"_monsterinsights_sitenote_active":false,"_monsterinsights_sitenote_note":"","_monsterinsights_sitenote_category":0,"_EventAllDay":false,"_EventTimezone":"","_EventStartDate":"","_EventEndDate":"","_EventStartDateUTC":"","_EventEndDateUTC":"","_EventShowMap":false,"_EventShowMapLink":false,"_EventURL":"","_EventCost":"","_EventCostDescription":"","_EventCurrencySymbol":"","_EventCurrencyCode":"","_EventCurrencyPosition":"","_EventDateTimeSeparator":"","_EventTimeRangeSeparator":"","_EventOrganizerID":[],"_EventVenueID":[],"_OrganizerEmail":"","_OrganizerPhone":"","_OrganizerWebsite":"","_VenueAddress":"","_VenueCity":"","_VenueCountry":"","_VenueProvince":"","_VenueState":"","_VenueZip":"","_VenuePhone":"","_VenueURL":"","_VenueStateProvince":"","_VenueLat":"","_VenueLng":"","_VenueShowMap":false,"_VenueShowMapLink":false,"_tribe_blocks_recurrence_rules":"","_tribe_blocks_recurrence_description":"","_tribe_blocks_recurrence_exclusions":"","footnotes":""},"class_list":["post-10556","page","type-page","status-publish","has-post-thumbnail","hentry"],"_links":{"self":[{"href":"https:\/\/www.lasalle.org\/fr\/wp-json\/wp\/v2\/pages\/10556","targetHints":{"allow":["GET"]}}],"collection":[{"href":"https:\/\/www.lasalle.org\/fr\/wp-json\/wp\/v2\/pages"}],"about":[{"href":"https:\/\/www.lasalle.org\/fr\/wp-json\/wp\/v2\/types\/page"}],"author":[{"embeddable":true,"href":"https:\/\/www.lasalle.org\/fr\/wp-json\/wp\/v2\/users\/13"}],"replies":[{"embeddable":true,"href":"https:\/\/www.lasalle.org\/fr\/wp-json\/wp\/v2\/comments?post=10556"}],"version-history":[{"count":5,"href":"https:\/\/www.lasalle.org\/fr\/wp-json\/wp\/v2\/pages\/10556\/revisions"}],"predecessor-version":[{"id":116271,"href":"https:\/\/www.lasalle.org\/fr\/wp-json\/wp\/v2\/pages\/10556\/revisions\/116271"}],"up":[{"embeddable":true,"href":"https:\/\/www.lasalle.org\/fr\/wp-json\/wp\/v2\/pages\/10536"}],"wp:featuredmedia":[{"embeddable":true,"href":"https:\/\/www.lasalle.org\/fr\/wp-json\/wp\/v2\/media\/112386"}],"wp:attachment":[{"href":"https:\/\/www.lasalle.org\/fr\/wp-json\/wp\/v2\/media?parent=10556"}],"curies":[{"name":"wp","href":"https:\/\/api.w.org\/{rel}","templated":true}]}}