{"id":10799,"date":"2018-12-10T09:03:54","date_gmt":"2018-12-10T09:03:54","guid":{"rendered":"http:\/\/lasalle.vl20054.dinaserver.com\/ciamel\/"},"modified":"2021-01-20T10:08:36","modified_gmt":"2021-01-20T09:08:36","slug":"ciamel","status":"publish","type":"page","link":"https:\/\/www.lasalle.org\/fr\/animation-et-gouvernement\/ciamel\/","title":{"rendered":"CIAMEL"},"content":{"rendered":"\n<h4 class=\"wp-block-heading\"><strong>Le Conseil International de l\u2019Association et de la Mission \u00c9ducative Lasallienne<\/strong><\/h4>\n\n\n\n<div class=\"wp-block-image\"><figure class=\"alignright\"><img decoding=\"async\" width=\"308\" height=\"203\" src=\"https:\/\/www.lasalle.org\/wp-content\/uploads\/2019\/07\/ciamel.jpg\" alt=\"\" class=\"wp-image-49293\" srcset=\"https:\/\/www.lasalle.org\/wp-content\/uploads\/2019\/07\/ciamel-300x198.jpg 300w, https:\/\/www.lasalle.org\/wp-content\/uploads\/2019\/07\/ciamel.jpg 308w\" sizes=\"(max-width: 308px) 100vw, 308px\" \/><\/figure><\/div>\n\n\n\n<p>Le Conseil International de l\u2019Association et de la Mission \u00c9ducative Lasallienne (CIAMEL), tel qu\u2019il est d\u00e9fini par ses statuts, est un organisme d\u00e9lib\u00e9ratif et collaboratif de Fr\u00e8res et de Partenaires repr\u00e9sentant l\u2019Institut au niveau mondial. Il est \u00e9tabli pour animer et diriger tous les programmes \u00e9ducatifs actuels et futurs qui incarnent la mission lasallienne. Le travail du CIAMEL a pour ambition de soutenir chaque \u00e9tudiant confi\u00e9 \u00e0 nos soins, en particulier les pauvres et les plus vuln\u00e9rables. <\/p>\n\n\n\n<hr class=\"wp-block-separator\"\/>\n\n\n\n<h4 class=\"wp-block-heading\"><strong>Les membres<\/strong><\/h4>\n\n\n\n<p>Le r\u00f4le strat\u00e9gique confi\u00e9 \u00e0 cette nouvelle structure demande une s\u00e9lection soigneuse de ses membres qui dans l\u2019id\u00e9al se composent d\u2019un tiers de Fr\u00e8res et de deux tiers de Partenaires. Cette s\u00e9lection suivra un processus guid\u00e9 par et fond\u00e9 sur des crit\u00e8res sp\u00e9cifiques dont le but est de s\u00e9lectionner des Lasalliens de l\u2019Institut mondial qui soient capables de remplir le mandat du Conseil. Les statuts approuv\u00e9s donnent ces crit\u00e8res \u00e0 tous ceux qui sont charg\u00e9s du processus de s\u00e9lection des candidats, c\u2019est-\u00e0-dire les Fr\u00e8res Visiteurs et les Fr\u00e8res Conseillers des R\u00e9gions. Le Fr\u00e8re Sup\u00e9rieur g\u00e9n\u00e9ral et son Conseil proc\u00e9deront aux nominations d\u00e9finitives dans le souci d\u2019assurer l\u2019\u00e9quilibre et la diversit\u00e9 des membres du Conseil. <\/p>\n\n\n\n<p>Alisa Macksey, RELAN \u2013 Pr\u00e9sident CIAMEL<br>Rose Dala Nanema, Afrique de l\u00b4Ouest<br>Colette Allix, France<br>Keane Palatino, ICYL<br>Merv McCormack, PARC<br>F. William Mann, IALU<br>F. Jes\u00fas F\u00e9lix Mart\u00ednez, FSC RELEM<br>F. Ferdinand Biziyaremiye, FSC RELAF<br>F. Carlos M. Casta\u00f1eda Casas, FSC RELAL<\/p>\n\n\n\n<hr class=\"wp-block-separator\"\/>\n\n\n\n<div class=\"wp-block-media-text alignwide is-stacked-on-mobile\" style=\"grid-template-columns:21% auto\"><figure class=\"wp-block-media-text__media\"><img decoding=\"async\" width=\"194\" height=\"257\" src=\"https:\/\/www.lasalle.org\/wp-content\/uploads\/2019\/07\/Estatutos-CIAMEL_Sp-1.jpg\" alt=\"\" class=\"wp-image-49373 size-full\"\/><\/figure><div class=\"wp-block-media-text__content\">\n<h4 class=\"wp-block-heading\"><a href=\"https:\/\/www.lasalle.org\/wp-content\/uploads\/2019\/09\/Approved-CIAMEL-Statutes_fra.pdf\" target=\"_blank\" rel=\"noreferrer noopener\" aria-label=\"Status CIAMEL (abre en una nueva pesta\u00f1a)\">Status CIAMEL<\/a><\/h4>\n\n\n\n<p><\/p>\n<\/div><\/div>\n\n\n\n<hr class=\"wp-block-separator\"\/>\n\n\n\n<div class=\"wp-block-media-text alignwide is-stacked-on-mobile\" style=\"grid-template-columns:21% auto\"><figure class=\"wp-block-media-text__media\"><img decoding=\"async\" width=\"194\" height=\"300\" src=\"https:\/\/www.lasalle.org\/wp-content\/uploads\/2019\/07\/Portada-ESPA\u00d1OL-194x300.jpg\" alt=\"\" class=\"wp-image-49363 size-full\"\/><\/figure><div class=\"wp-block-media-text__content\">\n<p>Collection: Vers la D\u00e9claration<br>N\u00ba1 \u2013 D\u00e9cembre 2016<\/p>\n\n\n\n<p><a href=\"http:\/\/revista_roma.delasalle.edu.mx\/coleccion\/?lan=fr\" target=\"_blank\" rel=\"noreferrer noopener\"><strong>COMPRENDRE L\u2019\u00c9COLE LASALLIENNE DANS LE CONTEXTE DU XXI<sup>e<\/sup>&nbsp;SI\u00c8CLE<\/strong><\/a><\/p>\n<\/div><\/div>\n\n\n\n<hr class=\"wp-block-separator\"\/>\n\n\n\n<div class=\"wp-block-image\"><figure class=\"alignleft size-large\"><img decoding=\"async\" width=\"150\" height=\"203\" src=\"https:\/\/www.lasalle.org\/wp-content\/uploads\/2020\/07\/La_Declaracio\u0301n_FRA_web-1.jpg\" alt=\"\" class=\"wp-image-72825\"\/><\/figure><\/div>\n\n\n\n<div class=\"wp-block-file\"><a href=\"https:\/\/www.lasalle.org\/wp-content\/uploads\/2020\/07\/La_Declaracio\u0301n_FRA_web.pdf\" target=\"_blank\" rel=\"noreferrer noopener\">2020 \u2013 D\u00c9CLARATION SUR LA MISSION \u00c9DUCATIVE LASALLIENNE<\/a><a href=\"https:\/\/www.lasalle.org\/wp-content\/uploads\/2020\/07\/La_Declaracio\u0301n_FRA_web.pdf\" class=\"fusion-button-default fusion-button-default-size wp-block-file__button\" download>T\u00e9l\u00e9charger<\/a><\/div>\n\n\n\n<p><br><br><br><br><br><br><\/p>\n\n\n\n<hr class=\"wp-block-separator\"\/>\n\n\n\n<div class=\"wp-block-image\"><figure class=\"alignleft size-large\"><img decoding=\"async\" width=\"150\" height=\"203\" src=\"https:\/\/www.lasalle.org\/wp-content\/uploads\/2020\/07\/FRA_lasallian_criteria_web-1.jpg\" alt=\"\" class=\"wp-image-72820\"\/><\/figure><\/div>\n\n\n\n<div class=\"wp-block-file\"><a href=\"https:\/\/www.lasalle.org\/wp-content\/uploads\/2020\/12\/FRA_lasallian_criteria_web.pdf\" target=\"_blank\" rel=\"noreferrer noopener\">2020 \u2013 CRIT\u00c8RES D\u2019IDENTIT\u00c9 POUR LA VITALIT\u00c9 DES \u0152UVRES \u00c9DUCATIVES LASALLIENNES<\/a><a href=\"https:\/\/www.lasalle.org\/wp-content\/uploads\/2020\/12\/FRA_lasallian_criteria_web.pdf\" class=\"fusion-button-default fusion-button-default-size wp-block-file__button\" download>T\u00e9l\u00e9charger<\/a><\/div>\n\n\n\n<p><br><br><br><br><br><\/p>\n","protected":false},"excerpt":{"rendered":"<p>Le Conseil International de l\u2019Association et de la Mission \u00c9ducative  [&#8230;]<\/p>\n","protected":false},"author":13,"featured_media":49356,"parent":10563,"menu_order":0,"comment_status":"open","ping_status":"closed","template":"","meta":{"_tec_requires_first_save":true,"_monsterinsights_skip_tracking":false,"_monsterinsights_sitenote_active":false,"_monsterinsights_sitenote_note":"","_monsterinsights_sitenote_category":0,"_EventAllDay":false,"_EventTimezone":"","_EventStartDate":"","_EventEndDate":"","_EventStartDateUTC":"","_EventEndDateUTC":"","_EventShowMap":false,"_EventShowMapLink":false,"_EventURL":"","_EventCost":"","_EventCostDescription":"","_EventCurrencySymbol":"","_EventCurrencyCode":"","_EventCurrencyPosition":"","_EventDateTimeSeparator":"","_EventTimeRangeSeparator":"","_EventOrganizerID":[],"_EventVenueID":[],"_OrganizerEmail":"","_OrganizerPhone":"","_OrganizerWebsite":"","_VenueAddress":"","_VenueCity":"","_VenueCountry":"","_VenueProvince":"","_VenueState":"","_VenueZip":"","_VenuePhone":"","_VenueURL":"","_VenueStateProvince":"","_VenueLat":"","_VenueLng":"","_VenueShowMap":false,"_VenueShowMapLink":false,"_tribe_blocks_recurrence_rules":"","_tribe_blocks_recurrence_description":"","_tribe_blocks_recurrence_exclusions":"","footnotes":""},"class_list":["post-10799","page","type-page","status-publish","has-post-thumbnail","hentry"],"_links":{"self":[{"href":"https:\/\/www.lasalle.org\/fr\/wp-json\/wp\/v2\/pages\/10799","targetHints":{"allow":["GET"]}}],"collection":[{"href":"https:\/\/www.lasalle.org\/fr\/wp-json\/wp\/v2\/pages"}],"about":[{"href":"https:\/\/www.lasalle.org\/fr\/wp-json\/wp\/v2\/types\/page"}],"author":[{"embeddable":true,"href":"https:\/\/www.lasalle.org\/fr\/wp-json\/wp\/v2\/users\/13"}],"replies":[{"embeddable":true,"href":"https:\/\/www.lasalle.org\/fr\/wp-json\/wp\/v2\/comments?post=10799"}],"version-history":[{"count":5,"href":"https:\/\/www.lasalle.org\/fr\/wp-json\/wp\/v2\/pages\/10799\/revisions"}],"predecessor-version":[{"id":75671,"href":"https:\/\/www.lasalle.org\/fr\/wp-json\/wp\/v2\/pages\/10799\/revisions\/75671"}],"up":[{"embeddable":true,"href":"https:\/\/www.lasalle.org\/fr\/wp-json\/wp\/v2\/pages\/10563"}],"wp:featuredmedia":[{"embeddable":true,"href":"https:\/\/www.lasalle.org\/fr\/wp-json\/wp\/v2\/media\/49356"}],"wp:attachment":[{"href":"https:\/\/www.lasalle.org\/fr\/wp-json\/wp\/v2\/media?parent=10799"}],"curies":[{"name":"wp","href":"https:\/\/api.w.org\/{rel}","templated":true}]}}