{"id":10830,"date":"2018-12-10T14:04:08","date_gmt":"2018-12-10T14:04:08","guid":{"rendered":"http:\/\/lasalle.vl20054.dinaserver.com\/famiglia-lasalliana\/"},"modified":"2025-11-27T12:17:03","modified_gmt":"2025-11-27T11:17:03","slug":"famiglia-carismatica-lasalliana","status":"publish","type":"page","link":"https:\/\/www.lasalle.org\/it\/famiglia-carismatica-lasalliana\/","title":{"rendered":"Famiglia Carismatica Lasalliana"},"content":{"rendered":"<div class=\"fusion-fullwidth fullwidth-box fusion-builder-row-1 fusion-flex-container has-pattern-background has-mask-background nonhundred-percent-fullwidth non-hundred-percent-height-scrolling\" style=\"--awb-border-radius-top-left:0px;--awb-border-radius-top-right:0px;--awb-border-radius-bottom-right:0px;--awb-border-radius-bottom-left:0px;--awb-flex-wrap:wrap;\" ><div class=\"fusion-builder-row fusion-row fusion-flex-align-items-flex-start fusion-flex-content-wrap\" style=\"max-width:1248px;margin-left: calc(-4% \/ 2 );margin-right: calc(-4% \/ 2 );\"><div class=\"fusion-layout-column fusion_builder_column fusion-builder-column-0 fusion_builder_column_3_4 3_4 fusion-flex-column\" style=\"--awb-bg-size:cover;--awb-width-large:75%;--awb-margin-top-large:0px;--awb-spacing-right-large:2.56%;--awb-margin-bottom-large:20px;--awb-spacing-left-large:2.56%;--awb-width-medium:75%;--awb-order-medium:0;--awb-spacing-right-medium:2.56%;--awb-spacing-left-medium:2.56%;--awb-width-small:100%;--awb-order-small:0;--awb-spacing-right-small:1.92%;--awb-spacing-left-small:1.92%;\"><div class=\"fusion-column-wrapper fusion-column-has-shadow fusion-flex-justify-content-flex-start fusion-content-layout-column\"><div class=\"fusion-title title fusion-title-1 sep-underline sep-solid fusion-title-text fusion-title-size-two\" style=\"--awb-text-color:var(--awb-custom17);--awb-sep-color:var(--awb-custom17);--awb-font-size:22px;\"><h2 class=\"fusion-title-heading title-heading-left\" style=\"margin:0;font-size:1em;\">Famiglia Carismatica Lasalliana<\/h2><\/div><div class=\"fusion-text fusion-text-1\"><p>Della Famiglia Carismatica Lasalliana fanno parte tutte quelle realt\u00e0 spirituali che si riconoscono nell\u2019originario carisma ricevuto dal La Salle a vantaggio del Popolo di Dio, che intendono perpetuarlo, farlo vivere e rivivere, consapevoli che un carisma \u00e8 qualcosa di vivo e non \u00e8 qualcosa che viene dato una volta per sempre. Ognuno \u00e8 chiamato, con fedelt\u00e0 creativa e dinamica, a reinterpretarlo continuamente e a viverlo in modo sempre nuovo.<\/p>\n<\/div><div class=\"fusion-title title fusion-title-2 fusion-sep-none fusion-title-text fusion-title-size-two\" style=\"--awb-text-color:var(--awb-custom17);--awb-font-size:20px;\"><h2 class=\"fusion-title-heading title-heading-left\" style=\"margin:0;font-size:1em;\">Vita Consacrata<\/h2><\/div><div class=\"accordian fusion-accordian\" style=\"--awb-border-size:1px;--awb-icon-size:16px;--awb-content-font-size:20px;--awb-icon-alignment:left;--awb-hover-color:#f9f9fb;--awb-border-color:#e2e2e2;--awb-background-color:#ffffff;--awb-divider-color:#e0dede;--awb-divider-hover-color:#e0dede;--awb-icon-color:#ffffff;--awb-title-color:#0056b3;--awb-content-color:#082b4c;--awb-icon-box-color:#333333;--awb-toggle-hover-accent-color:var(--awb-custom17);--awb-title-font-family:&quot;Open Sans&quot;;--awb-title-font-weight:400;--awb-title-font-style:normal;--awb-title-font-size:18px;--awb-content-font-family:&quot;PT Sans&quot;;--awb-content-font-style:normal;--awb-content-font-weight:regular;\"><div class=\"panel-group fusion-toggle-icon-boxed\" id=\"accordion-10830-1\"><div class=\"fusion-panel panel-default panel-a7f290b6f57c4f2cc fusion-toggle-has-divider\" style=\"--awb-content-font-size:18px;--awb-title-color:#0056b3;--awb-content-color:#082b4c;\"><div class=\"panel-heading\"><h2 class=\"panel-title toggle\" id=\"toggle_a7f290b6f57c4f2cc\"><a aria-expanded=\"false\" aria-controls=\"a7f290b6f57c4f2cc\" role=\"button\" data-toggle=\"collapse\" data-parent=\"#accordion-10830-1\" data-target=\"#a7f290b6f57c4f2cc\" href=\"#a7f290b6f57c4f2cc\"><span class=\"fusion-toggle-icon-wrapper\" aria-hidden=\"true\"><i class=\"fa-fusion-box active-icon awb-icon-minus\" aria-hidden=\"true\"><\/i><i class=\"fa-fusion-box inactive-icon awb-icon-plus\" aria-hidden=\"true\"><\/i><\/span><span class=\"fusion-toggle-heading\">Hermanas Guadalupanas De La Salle (HGS)<\/span><\/a><\/h2><\/div><div id=\"a7f290b6f57c4f2cc\" class=\"panel-collapse collapse \" aria-labelledby=\"toggle_a7f290b6f57c4f2cc\"><div class=\"panel-body toggle-content fusion-clearfix\">\r\n<div><strong>Fondatore: <\/strong><a href=\"http:\/\/www.lasalle.org\/it\/resources\/ven-juan-fromental-cayroche-1895-1978\/\">Fr. Juan Fromental Cayroche<\/a><\/div>\r\n<div><strong>Anno fondazione:<\/strong>\u00a01946<\/div>\r\n<div>1950 Affiliazione ai FSC \u2013\u00a01962 Approvazione Diocesana \u2013\u00a01976 Approvazione Papale<\/div>\r\n<div><strong>Festa Congregazione:<\/strong>\u00a08 settembre\u00a0 12<\/div>\r\n<div><strong>Carisma:<\/strong>\u00a0Fedeli al carisma di S. J. B. de La Salle, impegnati nella trasformazione di molte vite a partire dai valori e dai principi della Scuola Lasalliana.<\/div>\r\n<div><strong>Opere:<\/strong>\u00a046 Opere \u2013 46 comunit\u00e0<\/div>\r\n<div><strong>Presenza:<\/strong>\u00a012 paesi (Benin \u2013 Brasile \u2013 Ecuador \u2013 USA \u2013 Filippine \u2013 Peru \u2013 Bolivia \u2013 Burkina Faso \u2013 Colombia \u2013 Rwanda \u2013 Messico \u2013 Madagascar)<\/div>\r\n<div><\/div>\r\n<div>\r\n\r\n<ul style=\"--awb-iconcolor:var(--awb-custom17);--awb-line-height:27.2px;--awb-icon-width:27.2px;--awb-icon-height:27.2px;--awb-icon-margin:11.2px;--awb-content-margin:38.4px;--awb-circlecolor:var(--awb-color1);--awb-circle-yes-font-size:14.08px;\" class=\"fusion-checklist fusion-checklist-1 fusion-checklist-default type-icons\"><li class=\"fusion-li-item\" style=\"\"><span class=\"icon-wrapper circle-yes\"><i class=\"fusion-li-icon fa-link fas\" aria-hidden=\"true\"><\/i><\/span><div class=\"fusion-li-item-content\"><span style=\"font-size: 18pt;\"><strong><a href=\"http:\/\/www.hgs.org.mx\/\" target=\"_blank\" rel=\"noopener\"><span style=\"font-size: 14pt;\">Hermanas Guadalupanas de La Salle<\/span><\/a><\/strong><\/span><\/div><\/li><\/ul>\r\n\r\n<\/div>\r\n<\/div><\/div><\/div><div class=\"fusion-panel panel-default panel-13f1a07166de6476f fusion-toggle-has-divider\" style=\"--awb-content-font-size:18px;--awb-title-color:#0056b3;--awb-content-color:#082b4c;\"><div class=\"panel-heading\"><h2 class=\"panel-title toggle\" id=\"toggle_13f1a07166de6476f\"><a aria-expanded=\"false\" aria-controls=\"13f1a07166de6476f\" role=\"button\" data-toggle=\"collapse\" data-parent=\"#accordion-10830-1\" data-target=\"#13f1a07166de6476f\" href=\"#13f1a07166de6476f\"><span class=\"fusion-toggle-icon-wrapper\" aria-hidden=\"true\"><i class=\"fa-fusion-box active-icon awb-icon-minus\" aria-hidden=\"true\"><\/i><i class=\"fa-fusion-box inactive-icon awb-icon-plus\" aria-hidden=\"true\"><\/i><\/span><span class=\"fusion-toggle-heading\">La Salle Sisters Vietnam (LSS)<\/span><\/a><\/h2><\/div><div id=\"13f1a07166de6476f\" class=\"panel-collapse collapse \" aria-labelledby=\"toggle_13f1a07166de6476f\"><div class=\"panel-body toggle-content fusion-clearfix\">\r\n<div><strong>Fondatori: <\/strong>Visitatore e il Consiglio del Distretto Vietnam<\/div>\r\n<div><strong>Anno fondazione:<\/strong>\u00a01966<\/div>\r\n<div>11 marzo 2002 Approvazione dell\u2019Arcidiocesi<\/div>\r\n<div><strong>Festa Congregazione:<\/strong> 15 maggio<\/div>\r\n<div><strong>Carisma:<\/strong>\u00a0Insieme e in associazione, si offre un\u2019educazione umana e cristiana ai giovani, soprattutto ai poveri, secondo lo spirito di San Giovanni Battista de La Salle.<\/div>\r\n<div><strong>Opere:<\/strong>\u00a0Lavoro scolastico in alcuni luoghi in collaborazione con i Fratelli \u2013 28 comunit\u00e0<\/div>\r\n<div><strong>Presenza:<\/strong>\u00a05 paesi (Vietnam \u2013 Thailandia \u2013 USA \u2013 Cambogia \u2013 Australia)<\/div>\r\n<div><\/div>\r\n<div>\r\n\r\n<ul style=\"--awb-iconcolor:var(--awb-custom17);--awb-line-height:27.2px;--awb-icon-width:27.2px;--awb-icon-height:27.2px;--awb-icon-margin:11.2px;--awb-content-margin:38.4px;--awb-circlecolor:var(--awb-color1);--awb-circle-yes-font-size:14.08px;\" class=\"fusion-checklist fusion-checklist-2 fusion-checklist-default type-icons\"><li class=\"fusion-li-item\" style=\"\"><span class=\"icon-wrapper circle-yes\"><i class=\"fusion-li-icon fa-link fas\" aria-hidden=\"true\"><\/i><\/span><div class=\"fusion-li-item-content\"><span style=\"font-size: 18pt;\"><strong><a href=\"http:\/\/www.thelasallesisters.org\/\" target=\"_blank\" rel=\"noopener\"><span style=\"font-size: 14pt;\">La Salle Sisters<\/span><\/a><\/strong><\/span>\r\n\r\n<\/div><\/li><\/ul>\r\n\r\n<\/div>\r\n<\/div><\/div><\/div><div class=\"fusion-panel panel-default panel-931bb2e8c61ccfa4a fusion-toggle-has-divider\" style=\"--awb-content-font-size:18px;--awb-title-color:#0056b3;--awb-content-color:#082b4c;\"><div class=\"panel-heading\"><h2 class=\"panel-title toggle\" id=\"toggle_931bb2e8c61ccfa4a\"><a aria-expanded=\"false\" aria-controls=\"931bb2e8c61ccfa4a\" role=\"button\" data-toggle=\"collapse\" data-parent=\"#accordion-10830-1\" data-target=\"#931bb2e8c61ccfa4a\" href=\"#931bb2e8c61ccfa4a\"><span class=\"fusion-toggle-icon-wrapper\" aria-hidden=\"true\"><i class=\"fa-fusion-box active-icon awb-icon-minus\" aria-hidden=\"true\"><\/i><i class=\"fa-fusion-box inactive-icon awb-icon-plus\" aria-hidden=\"true\"><\/i><\/span><span class=\"fusion-toggle-heading\">Servantes Lasalliennes de Jesus (SLJ)<\/span><\/a><\/h2><\/div><div id=\"931bb2e8c61ccfa4a\" class=\"panel-collapse collapse \" aria-labelledby=\"toggle_931bb2e8c61ccfa4a\"><div class=\"panel-body toggle-content fusion-clearfix\">\r\n<div><strong>Fondatore: <\/strong>Fr. Hermann Austinvil<\/div>\r\n<div><strong>Anno fondazione:<\/strong>\u00a01998<\/div>\r\n<div>11 marzo 2002 Approvazione Diocesana<\/div>\r\n<div><strong>Festa Congregazione:<\/strong> 25 marzo<\/div>\r\n<div><strong>Carisma:<\/strong>\u00a0Promozione umana e cristiana di bambini e donne in situazioni di vulnerabilit\u00e0.<\/div>\r\n<div><strong>Opere:<\/strong>\u00a0Collegio e Centro sanitario \u201cMaria Consolatrice\u201d \u2013 Casa dei Bambini Lasalliani \u2013 Movimento femminile \u201cAmiche di Maria\u201d \u2013 Catechesi \u2013 Associazione Giovani Promotori di un Futuro Migliore (AJPAM)<\/div>\r\n<div><strong>Presenza:<\/strong>\u00a0Haiti (Port-de-Paix)<\/div>\r\n<div><\/div>\r\n<div>\r\n\r\n<ul style=\"--awb-iconcolor:var(--awb-custom17);--awb-line-height:27.2px;--awb-icon-width:27.2px;--awb-icon-height:27.2px;--awb-icon-margin:11.2px;--awb-content-margin:38.4px;--awb-circlecolor:var(--awb-color1);--awb-circle-yes-font-size:14.08px;\" class=\"fusion-checklist fusion-checklist-3 fusion-checklist-default type-icons\"><li class=\"fusion-li-item\" style=\"\"><span class=\"icon-wrapper circle-yes\"><i class=\"fusion-li-icon fa-link fas\" aria-hidden=\"true\"><\/i><\/span><div class=\"fusion-li-item-content\"><span style=\"font-size: 18pt;\"><strong><a href=\"https:\/\/lasalliennes.wordpress.com\/\" target=\"_blank\" rel=\"noopener\"><span style=\"font-size: 14pt;\">Communaut\u00e9 des servantes Lasalliennes de J\u00e9sus<\/span><\/a><\/strong><\/span><\/div><\/li><\/ul>\r\n\r\n<\/div>\r\n<\/div><\/div><\/div><div class=\"fusion-panel panel-default panel-f51e968a773e5fa10 fusion-toggle-has-divider\" style=\"--awb-content-font-size:18px;--awb-title-color:#0056b3;--awb-content-color:#082b4c;\"><div class=\"panel-heading\"><h2 class=\"panel-title toggle\" id=\"toggle_f51e968a773e5fa10\"><a aria-expanded=\"false\" aria-controls=\"f51e968a773e5fa10\" role=\"button\" data-toggle=\"collapse\" data-parent=\"#accordion-10830-1\" data-target=\"#f51e968a773e5fa10\" href=\"#f51e968a773e5fa10\"><span class=\"fusion-toggle-icon-wrapper\" aria-hidden=\"true\"><i class=\"fa-fusion-box active-icon awb-icon-minus\" aria-hidden=\"true\"><\/i><i class=\"fa-fusion-box inactive-icon awb-icon-plus\" aria-hidden=\"true\"><\/i><\/span><span class=\"fusion-toggle-heading\">University Sisters of Assumption (USOA)<\/span><\/a><\/h2><\/div><div id=\"f51e968a773e5fa10\" class=\"panel-collapse collapse \" aria-labelledby=\"toggle_f51e968a773e5fa10\"><div class=\"panel-body toggle-content fusion-clearfix\">\r\n<div><strong>Fondatore: <\/strong>Fr. Anselm Uba<\/div>\r\n<div><strong>Anno fondazione:<\/strong>\u00a01992<\/div>\r\n<div><strong>Festa Congregazione:<\/strong>\u00a015 maggio \u2013 15 agosto<\/div>\r\n<div><strong>Carisma:<\/strong>\u00a0Amore di Dio vissuto con spirito di fede e zelo. Particolare attenzione ai giovani nelle Universit\u00e0 e negli Istituti Superiori.<\/div>\r\n<div><strong>Opere:<\/strong>\u00a0Assistenza agli studenti universitari in 8 universit\u00e0 e 14 diocesi \u2013 Catechesi e consulenza matrimoniale. \u2013 20 comunit\u00e0<\/div>\r\n<div><strong>Presenza:<\/strong>\u00a04 paesi (Nigeria \u2013 USA \u2013 Mali \u2013 Germania)<\/div>\r\n<div><\/div>\r\n<div>\r\n\r\n<ul style=\"--awb-iconcolor:var(--awb-custom17);--awb-line-height:27.2px;--awb-icon-width:27.2px;--awb-icon-height:27.2px;--awb-icon-margin:11.2px;--awb-content-margin:38.4px;--awb-circlecolor:var(--awb-color1);--awb-circle-yes-font-size:14.08px;\" class=\"fusion-checklist fusion-checklist-4 fusion-checklist-default type-icons\"><li class=\"fusion-li-item\" style=\"\"><span class=\"icon-wrapper circle-yes\"><i class=\"fusion-li-icon fa-link fas\" aria-hidden=\"true\"><\/i><\/span><div class=\"fusion-li-item-content\"><span style=\"font-size: 18pt;\"><strong><a href=\"https:\/\/usoasistersoutreach.org.ng\/\" target=\"_blank\" rel=\"noopener\"><span style=\"font-size: 14pt;\">University Sisters of Assumption<\/span><\/a><\/strong><\/span><\/div><\/li><\/ul>\r\n\r\n<\/div>\r\n<\/div><\/div><\/div><div class=\"fusion-panel panel-default panel-213903081bc0e97b0 fusion-toggle-has-divider\" style=\"--awb-content-font-size:18px;--awb-title-color:#0056b3;--awb-content-color:#082b4c;\"><div class=\"panel-heading\"><h2 class=\"panel-title toggle\" id=\"toggle_213903081bc0e97b0\"><a aria-expanded=\"false\" aria-controls=\"213903081bc0e97b0\" role=\"button\" data-toggle=\"collapse\" data-parent=\"#accordion-10830-1\" data-target=\"#213903081bc0e97b0\" href=\"#213903081bc0e97b0\"><span class=\"fusion-toggle-icon-wrapper\" aria-hidden=\"true\"><i class=\"fa-fusion-box active-icon awb-icon-minus\" aria-hidden=\"true\"><\/i><i class=\"fa-fusion-box inactive-icon awb-icon-plus\" aria-hidden=\"true\"><\/i><\/span><span class=\"fusion-toggle-heading\">University Sons of Assumption (USOA)<\/span><\/a><\/h2><\/div><div id=\"213903081bc0e97b0\" class=\"panel-collapse collapse \" aria-labelledby=\"toggle_213903081bc0e97b0\"><div class=\"panel-body toggle-content fusion-clearfix\">\r\n<div><strong>Fondatore: <\/strong>Fr. Anselm Uba<\/div>\r\n<div><strong>Anno fondazione:<\/strong>\u00a02006<\/div>\r\n<div>Congregazione clericale \u2013 2008 Approvazione Diocesana<\/div>\r\n<div><strong>Festa Congregazione:<\/strong> 15 maggio \u2013 15 agosto<\/div>\r\n<div><strong>Carisma:<\/strong>\u00a0Aiuto agli studenti nelle Universit\u00e0 \u2013 Servizi pastorali vari.<\/div>\r\n<div><strong>Opere:<\/strong>\u00a0Servizi educativi di consulenza umana e cristiana agli studenti degli Istituti Superiori di formazione. Alleviare problemi e difficolt\u00e0 dei giovani. \u2013 8 comunit\u00e0<\/div>\r\n<div><strong>Presenza:<\/strong>\u00a0Nigeria<\/div>\r\n<div><\/div>\r\n<\/div><\/div><\/div><\/div><\/div><div class=\"fusion-separator fusion-full-width-sep\" style=\"align-self: center;margin-left: auto;margin-right: auto;margin-top:10px;margin-bottom:10px;width:100%;\"><\/div><div class=\"fusion-title title fusion-title-3 fusion-sep-none fusion-title-text fusion-title-size-two\" style=\"--awb-text-color:var(--awb-custom17);--awb-font-size:20px;\"><h2 class=\"fusion-title-heading title-heading-left\" style=\"margin:0;font-size:1em;\">Gruppi laicali<\/h2><\/div><div class=\"accordian fusion-accordian\" style=\"--awb-border-size:1px;--awb-icon-size:16px;--awb-content-font-size:20px;--awb-icon-alignment:left;--awb-hover-color:#f9f9fb;--awb-border-color:#e2e2e2;--awb-background-color:#ffffff;--awb-divider-color:#e0dede;--awb-divider-hover-color:#e0dede;--awb-icon-color:#ffffff;--awb-title-color:#0056b3;--awb-content-color:#082b4c;--awb-icon-box-color:#333333;--awb-toggle-hover-accent-color:var(--awb-custom17);--awb-title-font-family:&quot;Open Sans&quot;;--awb-title-font-weight:400;--awb-title-font-style:normal;--awb-title-font-size:18px;--awb-content-font-family:&quot;PT Sans&quot;;--awb-content-font-style:normal;--awb-content-font-weight:regular;\"><div class=\"panel-group fusion-toggle-icon-boxed\" id=\"accordion-10830-2\"><div class=\"fusion-panel panel-default panel-067e2349fdf9b1cb1 fusion-toggle-has-divider\" style=\"--awb-content-font-size:18px;--awb-title-color:#0056b3;--awb-content-color:#082b4c;\"><div class=\"panel-heading\"><h2 class=\"panel-title toggle\" id=\"toggle_067e2349fdf9b1cb1\"><a aria-expanded=\"false\" aria-controls=\"067e2349fdf9b1cb1\" role=\"button\" data-toggle=\"collapse\" data-parent=\"#accordion-10830-2\" data-target=\"#067e2349fdf9b1cb1\" href=\"#067e2349fdf9b1cb1\"><span class=\"fusion-toggle-icon-wrapper\" aria-hidden=\"true\"><i class=\"fa-fusion-box active-icon awb-icon-minus\" aria-hidden=\"true\"><\/i><i class=\"fa-fusion-box inactive-icon awb-icon-plus\" aria-hidden=\"true\"><\/i><\/span><span class=\"fusion-toggle-heading\">Signum Fidei<\/span><\/a><\/h2><\/div><div id=\"067e2349fdf9b1cb1\" class=\"panel-collapse collapse \" aria-labelledby=\"toggle_067e2349fdf9b1cb1\"><div class=\"panel-body toggle-content fusion-clearfix\">\r\n<div><strong>Fondatori: <\/strong>FF. Paulus Adams-Manuel Olive<\/div>\r\n<div><strong>Anno fondazione:<\/strong>\u00a01976 (Roma)<\/div>\r\n<div><\/div>\r\n<div>\r\n\r\n<ul style=\"--awb-iconcolor:var(--awb-custom17);--awb-line-height:27.2px;--awb-icon-width:27.2px;--awb-icon-height:27.2px;--awb-icon-margin:11.2px;--awb-content-margin:38.4px;--awb-circlecolor:var(--awb-color1);--awb-circle-yes-font-size:14.08px;\" class=\"fusion-checklist fusion-checklist-5 fusion-checklist-default type-icons\"><li class=\"fusion-li-item\" style=\"\"><span class=\"icon-wrapper circle-yes\"><i class=\"fusion-li-icon fa-facebook-square fab\" aria-hidden=\"true\"><\/i><\/span><div class=\"fusion-li-item-content\"><span style=\"font-size: 18pt;\"><strong><a href=\"https:\/\/www.facebook.com\/signumfideiintl\" target=\"_blank\" rel=\"noopener\"><span style=\"font-size: 14pt;\">Signum Fidei International<\/span><\/a><\/strong><\/span><\/div><\/li><\/ul>\r\n\r\n<\/div>\r\n<\/div><\/div><\/div><div class=\"fusion-panel panel-default panel-9374f60b260f5e999 fusion-toggle-has-divider\" style=\"--awb-content-font-size:18px;--awb-title-color:#0056b3;--awb-content-color:#082b4c;\"><div class=\"panel-heading\"><h2 class=\"panel-title toggle\" id=\"toggle_9374f60b260f5e999\"><a aria-expanded=\"false\" aria-controls=\"9374f60b260f5e999\" role=\"button\" data-toggle=\"collapse\" data-parent=\"#accordion-10830-2\" data-target=\"#9374f60b260f5e999\" href=\"#9374f60b260f5e999\"><span class=\"fusion-toggle-icon-wrapper\" aria-hidden=\"true\"><i class=\"fa-fusion-box active-icon awb-icon-minus\" aria-hidden=\"true\"><\/i><i class=\"fa-fusion-box inactive-icon awb-icon-plus\" aria-hidden=\"true\"><\/i><\/span><span class=\"fusion-toggle-heading\">Fraternit\u00e9 \u00e9ducative La Salle<\/span><\/a><\/h2><\/div><div id=\"9374f60b260f5e999\" class=\"panel-collapse collapse \" aria-labelledby=\"toggle_9374f60b260f5e999\"><div class=\"panel-body toggle-content fusion-clearfix\">\r\n<div><strong>Fondatori: <\/strong>Distretto di Francia<\/div>\r\n<div><strong>Anno fondazione:<\/strong>\u00a02010 (Francia)<\/div>\r\n<div><strong>Presenza:<\/strong>\u00a0Francia<\/div>\r\n<div><\/div>\r\n<div>\r\n\r\n<ul style=\"--awb-iconcolor:var(--awb-custom17);--awb-line-height:27.2px;--awb-icon-width:27.2px;--awb-icon-height:27.2px;--awb-icon-margin:11.2px;--awb-content-margin:38.4px;--awb-circlecolor:var(--awb-color1);--awb-circle-yes-font-size:14.08px;\" class=\"fusion-checklist fusion-checklist-6 fusion-checklist-default type-icons\"><li class=\"fusion-li-item\" style=\"\"><span class=\"icon-wrapper circle-yes\"><i class=\"fusion-li-icon fa-link fas\" aria-hidden=\"true\"><\/i><\/span><div class=\"fusion-li-item-content\"><span style=\"font-size: 18pt;\"><strong><a href=\"https:\/\/lasallefrance.fr\/fraternite-educative-la-salle\/\" target=\"_blank\" rel=\"noopener\"><span style=\"font-size: 14pt;\">Fraternit\u00e9 \u00e9ducative La Salle<\/span><\/a><\/strong><\/span><\/div><\/li><\/ul>\r\n\r\n<\/div>\r\n<\/div><\/div><\/div><div class=\"fusion-panel panel-default panel-267a596fca4b347ff fusion-toggle-has-divider\" style=\"--awb-content-font-size:18px;--awb-title-color:#0056b3;--awb-content-color:#082b4c;\"><div class=\"panel-heading\"><h2 class=\"panel-title toggle\" id=\"toggle_267a596fca4b347ff\"><a aria-expanded=\"false\" aria-controls=\"267a596fca4b347ff\" role=\"button\" data-toggle=\"collapse\" data-parent=\"#accordion-10830-2\" data-target=\"#267a596fca4b347ff\" href=\"#267a596fca4b347ff\"><span class=\"fusion-toggle-icon-wrapper\" aria-hidden=\"true\"><i class=\"fa-fusion-box active-icon awb-icon-minus\" aria-hidden=\"true\"><\/i><i class=\"fa-fusion-box inactive-icon awb-icon-plus\" aria-hidden=\"true\"><\/i><\/span><span class=\"fusion-toggle-heading\">Asociados<\/span><\/a><\/h2><\/div><div id=\"267a596fca4b347ff\" class=\"panel-collapse collapse \" aria-labelledby=\"toggle_267a596fca4b347ff\"><div class=\"panel-body toggle-content fusion-clearfix\">\r\n<div><strong>Fondatore: <\/strong>Distretto Arlep<\/div>\r\n<div><strong>Anno fondazione:<\/strong>\u00a01984 (Spagna)<\/div>\r\n<div><strong>Presenza:<\/strong>\u00a0Spagna<\/div>\r\n<div><\/div>\r\n<\/div><\/div><\/div><div class=\"fusion-panel panel-default panel-b5a4fe4b9638aa443 fusion-toggle-has-divider\" style=\"--awb-content-font-size:18px;--awb-title-color:#0056b3;--awb-content-color:#082b4c;\"><div class=\"panel-heading\"><h2 class=\"panel-title toggle\" id=\"toggle_b5a4fe4b9638aa443\"><a aria-expanded=\"false\" aria-controls=\"b5a4fe4b9638aa443\" role=\"button\" data-toggle=\"collapse\" data-parent=\"#accordion-10830-2\" data-target=\"#b5a4fe4b9638aa443\" href=\"#b5a4fe4b9638aa443\"><span class=\"fusion-toggle-icon-wrapper\" aria-hidden=\"true\"><i class=\"fa-fusion-box active-icon awb-icon-minus\" aria-hidden=\"true\"><\/i><i class=\"fa-fusion-box inactive-icon awb-icon-plus\" aria-hidden=\"true\"><\/i><\/span><span class=\"fusion-toggle-heading\">Sorelle Educatrici Lasalliane<\/span><\/a><\/h2><\/div><div id=\"b5a4fe4b9638aa443\" class=\"panel-collapse collapse \" aria-labelledby=\"toggle_b5a4fe4b9638aa443\"><div class=\"panel-body toggle-content fusion-clearfix\">\r\n<div><strong>Anno fondazione:<\/strong>\u00a02020 (Italia)<\/div>\r\n<div><strong>Presenza:<\/strong> Italia<\/div>\r\n<div>\r\n\r\n<ul style=\"--awb-iconcolor:var(--awb-custom17);--awb-line-height:27.2px;--awb-icon-width:27.2px;--awb-icon-height:27.2px;--awb-icon-margin:11.2px;--awb-content-margin:38.4px;--awb-circlecolor:var(--awb-color1);--awb-circle-yes-font-size:14.08px;\" class=\"fusion-checklist fusion-checklist-7 fusion-checklist-default type-icons\"><li class=\"fusion-li-item\" style=\"\"><span class=\"icon-wrapper circle-yes\"><i class=\"fusion-li-icon fa-facebook-square fab\" aria-hidden=\"true\"><\/i><\/span><div class=\"fusion-li-item-content\"><span style=\"font-size: 18pt;\"><strong><a href=\"https:\/\/www.facebook.com\/selitaliato\" target=\"_blank\" rel=\"noopener\"><span style=\"font-size: 14pt;\">Sorelle Educatrici Lasalliane<\/span><\/a><\/strong><\/span><\/div><\/li><\/ul>\r\n\r\n<\/div>\r\n<\/div><\/div><\/div><div class=\"fusion-panel panel-default panel-df3ea4cd45c9ffa12 fusion-toggle-has-divider\" style=\"--awb-content-font-size:18px;--awb-title-color:#0056b3;--awb-content-color:#082b4c;\"><div class=\"panel-heading\"><h2 class=\"panel-title toggle\" id=\"toggle_df3ea4cd45c9ffa12\"><a aria-expanded=\"false\" aria-controls=\"df3ea4cd45c9ffa12\" role=\"button\" data-toggle=\"collapse\" data-parent=\"#accordion-10830-2\" data-target=\"#df3ea4cd45c9ffa12\" href=\"#df3ea4cd45c9ffa12\"><span class=\"fusion-toggle-icon-wrapper\" aria-hidden=\"true\"><i class=\"fa-fusion-box active-icon awb-icon-minus\" aria-hidden=\"true\"><\/i><i class=\"fa-fusion-box inactive-icon awb-icon-plus\" aria-hidden=\"true\"><\/i><\/span><span class=\"fusion-toggle-heading\">Altri<\/span><\/a><\/h2><\/div><div id=\"df3ea4cd45c9ffa12\" class=\"panel-collapse collapse \" aria-labelledby=\"toggle_df3ea4cd45c9ffa12\"><div class=\"panel-body toggle-content fusion-clearfix\">\r\n\r\nTra 1990 e il 2000 in varie parti dell\u2019Istituto sono nati nuovi gruppi come le <strong>Mamme Lasalliane<\/strong>, la <strong>Fraternit\u00e0 Missionaria Lasalliana<\/strong>.\r\n\r\n<\/div><\/div><\/div><\/div><\/div><div class=\"fusion-separator fusion-full-width-sep\" style=\"align-self: center;margin-left: auto;margin-right: auto;margin-top:15px;margin-bottom:15px;width:100%;\"><div class=\"fusion-separator-border sep-single sep-solid\" style=\"--awb-height:20px;--awb-amount:20px;--awb-sep-color:var(--awb-custom17);border-color:var(--awb-custom17);border-top-width:1px;\"><\/div><\/div><nav class=\"fusion-breadcrumbs fusion-breadcrumbs-1\" style=\"--awb-breadcrumb-sep:&#039;\/&#039;;\" aria-label=\"Breadcrumb\"><ol class=\"awb-breadcrumb-list\"><\/ol><\/nav><\/div><\/div><div class=\"fusion-layout-column fusion_builder_column fusion-builder-column-1 fusion_builder_column_1_4 1_4 fusion-flex-column\" style=\"--awb-bg-size:cover;--awb-width-large:25%;--awb-margin-top-large:0px;--awb-spacing-right-large:7.68%;--awb-margin-bottom-large:20px;--awb-spacing-left-large:7.68%;--awb-width-medium:25%;--awb-order-medium:0;--awb-spacing-right-medium:7.68%;--awb-spacing-left-medium:7.68%;--awb-width-small:100%;--awb-order-small:0;--awb-spacing-right-small:1.92%;--awb-spacing-left-small:1.92%;\"><div class=\"fusion-column-wrapper fusion-column-has-shadow fusion-flex-justify-content-flex-start fusion-content-layout-column\"><div class=\"fusion-title title fusion-title-4 sep-underline sep-solid fusion-title-text fusion-title-size-two\" style=\"--awb-text-color:var(--awb-custom17);--awb-sep-color:var(--awb-custom17);--awb-font-size:22px;\"><h2 class=\"fusion-title-heading title-heading-left\" style=\"margin:0;font-size:1em;\">In relazione<\/h2><\/div><ul style=\"--awb-line-height:27.2px;--awb-icon-width:27.2px;--awb-icon-height:27.2px;--awb-icon-margin:11.2px;--awb-content-margin:38.4px;--awb-circlecolor:var(--awb-custom17);--awb-circle-yes-font-size:14.08px;\" class=\"fusion-checklist fusion-checklist-8 fusion-checklist-default type-icons\"><li class=\"fusion-li-item\" style=\"\"><span class=\"icon-wrapper circle-yes\"><i class=\"fusion-li-icon fa-file-alt far\" aria-hidden=\"true\"><\/i><\/span><div class=\"fusion-li-item-content\">\r\n\r\n<a href=\"https:\/\/www.lasalle.org\/it\/animazione-e-governo\/uffici\/ufficio-famiglia-carismatica-lasalliana\/\">Ufficio della Famiglia Carismatica Lasalliana<\/a>\r\n\r\n<\/div><\/li><\/ul><div class=\"fusion-separator fusion-full-width-sep\" style=\"align-self: center;margin-left: auto;margin-right: auto;margin-top:5px;margin-bottom:5px;width:100%;\"><\/div><div class=\"fusion-video fusion-youtube\" style=\"--awb-max-width:600px;--awb-max-height:360px;--awb-align-self:center;--awb-width:100%;\"><div class=\"video-shortcode\"><div class=\"fluid-width-video-wrapper\" style=\"padding-top:60%;\" ><iframe title=\"YouTube video player 1\" src=\"https:\/\/www.youtube.com\/embed\/aAKZUf0yzpA?wmode=transparent&autoplay=0\" width=\"600\" height=\"360\" allowfullscreen allow=\"autoplay; clipboard-write; encrypted-media; gyroscope; picture-in-picture;\"><\/iframe><\/div><\/div><\/div><div class=\"fusion-separator fusion-full-width-sep\" style=\"align-self: center;margin-left: auto;margin-right: auto;margin-top:10px;margin-bottom:10px;width:100%;\"><\/div><div class=\"fusion-title title fusion-title-5 sep-underline sep-solid fusion-title-text fusion-title-size-two\" style=\"--awb-text-color:var(--awb-custom17);--awb-sep-color:var(--awb-custom17);--awb-font-size:22px;\"><h2 class=\"fusion-title-heading title-heading-left\" style=\"margin:0;font-size:1em;\">Risorse<\/h2><\/div><ul style=\"--awb-line-height:27.2px;--awb-icon-width:27.2px;--awb-icon-height:27.2px;--awb-icon-margin:11.2px;--awb-content-margin:38.4px;--awb-circlecolor:var(--awb-custom17);--awb-circle-yes-font-size:14.08px;\" class=\"fusion-checklist fusion-checklist-9 fusion-checklist-default type-icons\"><li class=\"fusion-li-item\" style=\"\"><span class=\"icon-wrapper circle-yes\"><i class=\"fusion-li-icon fa-file-alt far\" aria-hidden=\"true\"><\/i><\/span><div class=\"fusion-li-item-content\">\r\n\r\n<a href=\"https:\/\/www.lasalle.org\/it\/category\/famiglia-lasalliana\/\">Notizie sulla Famiglia Lasalliana<\/a>\r\n\r\n<\/div><\/li><li class=\"fusion-li-item\" style=\"\"><span class=\"icon-wrapper circle-yes\"><i class=\"fusion-li-icon fa-file-alt far\" aria-hidden=\"true\"><\/i><\/span><div class=\"fusion-li-item-content\">\r\n\r\n<a href=\"https:\/\/www.lasalle.org\/it\/pubblicazioni\/boletin-vocaciones\/\">Vocazioni Lasalliane<\/a>\r\n\r\n<\/div><\/li><li class=\"fusion-li-item\" style=\"\"><span class=\"icon-wrapper circle-yes\"><i class=\"fusion-li-icon fa-file-pdf far\" aria-hidden=\"true\"><\/i><\/span><div class=\"fusion-li-item-content\">\r\n\r\n<a href=\"https:\/\/www.lasalle.org\/wp-content\/uploads\/2020\/11\/ITA_Lasallian_Family_CIAMEL_web.pdf\" target=\"_blank\" rel=\"noreferrer noopener\">Famiglia Lasalliana \u2013 CIAMEL<\/a>\r\n\r\n<\/div><\/li><li class=\"fusion-li-item\" style=\"\"><span class=\"icon-wrapper circle-yes\"><i class=\"fusion-li-icon fa-file-pdf far\" aria-hidden=\"true\"><\/i><\/span><div class=\"fusion-li-item-content\">\r\n\r\n<a href=\"https:\/\/www.lasalle.org\/wp-content\/uploads\/2021\/07\/Circolare_475_ITA.pdf\" target=\"_blank\" rel=\"noopener\">Circolare 475\r\n<\/a>Dalla speranza all\u2019impegno : Capire le vocazioni lasalliane\r\n\r\n<\/div><\/li><\/ul><div class=\"fusion-separator fusion-full-width-sep\" style=\"align-self: center;margin-left: auto;margin-right: auto;margin-top:10px;margin-bottom:10px;width:100%;\"><\/div><div class=\"fusion-title title fusion-title-6 sep-underline sep-solid fusion-title-text fusion-title-size-two\" style=\"--awb-text-color:var(--awb-custom17);--awb-sep-color:var(--awb-custom17);--awb-font-size:22px;\"><h2 class=\"fusion-title-heading title-heading-left\" style=\"margin:0;font-size:1em;\">Foto<\/h2><\/div><ul style=\"--awb-line-height:27.2px;--awb-icon-width:27.2px;--awb-icon-height:27.2px;--awb-icon-margin:11.2px;--awb-content-margin:38.4px;--awb-circlecolor:var(--awb-custom17);--awb-circle-yes-font-size:14.08px;\" class=\"fusion-checklist fusion-checklist-10 fusion-checklist-default type-icons\"><li class=\"fusion-li-item\" style=\"\"><span class=\"icon-wrapper circle-yes\"><i class=\"fusion-li-icon fa-flickr fab\" aria-hidden=\"true\"><\/i><\/span><div class=\"fusion-li-item-content\">\r\n\r\n<a href=\"https:\/\/www.flickr.com\/photos\/lasalle_org\/albums\/72177720326285155\/\" target=\"_blank\" rel=\"noopener\">Primo Incontro della Famiglia Carismatica Lasalliana<\/a>\r\n\r\n<\/div><\/li><li class=\"fusion-li-item\" style=\"\"><span class=\"icon-wrapper circle-yes\"><i class=\"fusion-li-icon fa-flickr fab\" aria-hidden=\"true\"><\/i><\/span><div class=\"fusion-li-item-content\">\r\n\r\n<a href=\"https:\/\/www.flickr.com\/photos\/lasalle_org\/albums\/72177720311830346\/\" target=\"_blank\" rel=\"noopener\">CIL 2023 \u2013 Le donne nella famiglia lasalliana<\/a>\r\n\r\n<\/div><\/li><li class=\"fusion-li-item\" style=\"\"><span class=\"icon-wrapper circle-yes\"><i class=\"fusion-li-icon fa-flickr fab\" aria-hidden=\"true\"><\/i><\/span><div class=\"fusion-li-item-content\">\r\n\r\n<a href=\"https:\/\/www.flickr.com\/photos\/lasalle_org\/albums\/72157711533973968\/\" target=\"_blank\" rel=\"noopener\">Sessione di formazione sull\u2019Associazione<\/a>\r\n\r\n<\/div><\/li><\/ul><div class=\"fusion-separator fusion-full-width-sep\" style=\"align-self: center;margin-left: auto;margin-right: auto;margin-top:15px;margin-bottom:15px;width:100%;\"><div class=\"fusion-separator-border sep-single sep-solid\" style=\"--awb-height:20px;--awb-amount:20px;--awb-sep-color:var(--awb-custom17);border-color:var(--awb-custom17);border-top-width:1px;\"><\/div><\/div><\/div><\/div><\/div><\/div><!-- \/wp:post-content -->","protected":false},"excerpt":{"rendered":"","protected":false},"author":13,"featured_media":115001,"parent":0,"menu_order":0,"comment_status":"closed","ping_status":"closed","template":"","meta":{"_tec_requires_first_save":true,"_monsterinsights_skip_tracking":false,"_monsterinsights_sitenote_active":false,"_monsterinsights_sitenote_note":"","_monsterinsights_sitenote_category":0,"_EventAllDay":false,"_EventTimezone":"","_EventStartDate":"","_EventEndDate":"","_EventStartDateUTC":"","_EventEndDateUTC":"","_EventShowMap":false,"_EventShowMapLink":false,"_EventURL":"","_EventCost":"","_EventCostDescription":"","_EventCurrencySymbol":"","_EventCurrencyCode":"","_EventCurrencyPosition":"","_EventDateTimeSeparator":"","_EventTimeRangeSeparator":"","_EventOrganizerID":[],"_EventVenueID":[],"_OrganizerEmail":"","_OrganizerPhone":"","_OrganizerWebsite":"","_VenueAddress":"","_VenueCity":"","_VenueCountry":"","_VenueProvince":"","_VenueState":"","_VenueZip":"","_VenuePhone":"","_VenueURL":"","_VenueStateProvince":"","_VenueLat":"","_VenueLng":"","_VenueShowMap":false,"_VenueShowMapLink":false,"_tribe_blocks_recurrence_rules":"","_tribe_blocks_recurrence_description":"","_tribe_blocks_recurrence_exclusions":"","footnotes":""},"class_list":["post-10830","page","type-page","status-publish","has-post-thumbnail","hentry"],"_links":{"self":[{"href":"https:\/\/www.lasalle.org\/it\/wp-json\/wp\/v2\/pages\/10830","targetHints":{"allow":["GET"]}}],"collection":[{"href":"https:\/\/www.lasalle.org\/it\/wp-json\/wp\/v2\/pages"}],"about":[{"href":"https:\/\/www.lasalle.org\/it\/wp-json\/wp\/v2\/types\/page"}],"author":[{"embeddable":true,"href":"https:\/\/www.lasalle.org\/it\/wp-json\/wp\/v2\/users\/13"}],"replies":[{"embeddable":true,"href":"https:\/\/www.lasalle.org\/it\/wp-json\/wp\/v2\/comments?post=10830"}],"version-history":[{"count":5,"href":"https:\/\/www.lasalle.org\/it\/wp-json\/wp\/v2\/pages\/10830\/revisions"}],"predecessor-version":[{"id":121548,"href":"https:\/\/www.lasalle.org\/it\/wp-json\/wp\/v2\/pages\/10830\/revisions\/121548"}],"wp:featuredmedia":[{"embeddable":true,"href":"https:\/\/www.lasalle.org\/it\/wp-json\/wp\/v2\/media\/115001"}],"wp:attachment":[{"href":"https:\/\/www.lasalle.org\/it\/wp-json\/wp\/v2\/media?parent=10830"}],"curies":[{"name":"wp","href":"https:\/\/api.w.org\/{rel}","templated":true}]}}